{"id":62187,"date":"2026-08-14T09:49:00","date_gmt":"2026-08-14T09:49:00","guid":{"rendered":"https:\/\/honigbee.com\/produkt\/marjoram-50ml-essential-oil\/"},"modified":"2026-09-01T15:56:28","modified_gmt":"2026-09-01T15:56:28","slug":"spanischer-majoran-aetherisches-oel-50-ml","status":"publish","type":"product","link":"https:\/\/honigbee.com\/lt\/produktas\/spanischer-majoran-aetherisches-oel-50-ml\/","title":{"rendered":"Spanischer Majoran \u00e4therisches \u00d6l 50 ml aus Spanien f\u00fcr Aromatherapie und Duftanwendungen"},"content":{"rendered":"<div id=\"ez-toc-container\" class=\"ez-toc-v2_0_87 counter-hierarchy ez-toc-counter ez-toc-grey ez-toc-container-direction\">\n<div class=\"ez-toc-title-container\">\n<p class=\"ez-toc-title\" style=\"cursor:inherit\">Turinys<\/p>\n<span class=\"ez-toc-title-toggle\"><a href=\"#\" class=\"ez-toc-pull-right ez-toc-btn ez-toc-btn-xs ez-toc-btn-default ez-toc-toggle\" aria-label=\"Perjungti turin\u012f\"><span class=\"ez-toc-js-icon-con\"><span class=\"\"><span class=\"eztoc-hide\" style=\"display:none;\">Perjungti<\/span><span class=\"ez-toc-icon-toggle-span\"><svg style=\"fill: #999;color:#999\" xmlns=\"http:\/\/www.w3.org\/2000\/svg\" class=\"list-377408\" width=\"20px\" height=\"20px\" viewbox=\"0 0 24 24\" fill=\"none\"><path d=\"M6 6H4v2h2V6zm14 0H8v2h12V6zM4 11h2v2H4v-2zm16 0H8v2h12v-2zM4 16h2v2H4v-2zm16 0H8v2h12v-2z\" fill=\"currentColor\"><\/path><\/svg><svg style=\"fill: #999;color:#999\" class=\"arrow-unsorted-368013\" xmlns=\"http:\/\/www.w3.org\/2000\/svg\" width=\"10px\" height=\"10px\" viewbox=\"0 0 24 24\" version=\"1.2\" baseprofile=\"tiny\"><path d=\"M18.2 9.3l-6.2-6.3-6.2 6.3c-.2.2-.3.4-.3.7s.1.5.3.7c.2.2.4.3.7.3h11c.3 0 .5-.1.7-.3.2-.2.3-.5.3-.7s-.1-.5-.3-.7zM5.8 14.7l6.2 6.3 6.2-6.3c.2-.2.3-.5.3-.7s-.1-.5-.3-.7c-.2-.2-.4-.3-.7-.3h-11c-.3 0-.5.1-.7.3-.2.2-.3.5-.3.7s.1.5.3.7z\"\/><\/svg><\/span><\/span><\/span><\/a><\/span><\/div>\n<nav><ul class='ez-toc-list ez-toc-list-level-1' ><li class='ez-toc-page-1 ez-toc-heading-level-4'><a class=\"ez-toc-link ez-toc-heading-1\" href=\"https:\/\/honigbee.com\/lt\/produktas\/spanischer-majoran-aetherisches-oel-50-ml\/#Spanischer_Majoran_atherisches_Ol_50_ml\" >Spanischer Majoran \u00e4therisches \u00d6l 50 ml<\/a><\/li><li class='ez-toc-page-1 ez-toc-heading-level-4'><a class=\"ez-toc-link ez-toc-heading-2\" href=\"https:\/\/honigbee.com\/lt\/produktas\/spanischer-majoran-aetherisches-oel-50-ml\/#Aus_Blattern_und_Blutenspitzen_dampfdestilliert\" >Aus Bl\u00e4ttern und Bl\u00fctenspitzen dampfdestilliert<\/a><\/li><li class='ez-toc-page-1 ez-toc-heading-level-4'><a class=\"ez-toc-link ez-toc-heading-3\" href=\"https:\/\/honigbee.com\/lt\/produktas\/spanischer-majoran-aetherisches-oel-50-ml\/#Spanischer_Majoran_ist_nicht_Suser_Majoran\" >Spanischer Majoran ist nicht S\u00fc\u00dfer Majoran<\/a><\/li><li class='ez-toc-page-1 ez-toc-heading-level-4'><a class=\"ez-toc-link ez-toc-heading-4\" href=\"https:\/\/honigbee.com\/lt\/produktas\/spanischer-majoran-aetherisches-oel-50-ml\/#Intensiv_krautiger_und_aromatischer_Duft\" >Intensiv krautiger und aromatischer Duft<\/a><\/li><li class='ez-toc-page-1 ez-toc-heading-level-4'><a class=\"ez-toc-link ez-toc-heading-5\" href=\"https:\/\/honigbee.com\/lt\/produktas\/spanischer-majoran-aetherisches-oel-50-ml\/#Fur_Aromatherapie_und_entspannte_Duftmischungen\" >F\u00fcr Aromatherapie und entspannte Duftmischungen<\/a><\/li><li class='ez-toc-page-1 ez-toc-heading-level-4'><a class=\"ez-toc-link ez-toc-heading-6\" href=\"https:\/\/honigbee.com\/lt\/produktas\/spanischer-majoran-aetherisches-oel-50-ml\/#Majoran_mit_langer_kultureller_Tradition\" >Majoran mit langer kultureller Tradition<\/a><\/li><li class='ez-toc-page-1 ez-toc-heading-level-4'><a class=\"ez-toc-link ez-toc-heading-7\" href=\"https:\/\/honigbee.com\/lt\/produktas\/spanischer-majoran-aetherisches-oel-50-ml\/#Produktdetails\" >Produkto informacija<\/a><\/li><li class='ez-toc-page-1 ez-toc-heading-level-4'><a class=\"ez-toc-link ez-toc-heading-8\" href=\"https:\/\/honigbee.com\/lt\/produktas\/spanischer-majoran-aetherisches-oel-50-ml\/#Sicherheitshinweise\" >Saugos instrukcijos<\/a><\/li><\/ul><\/nav><\/div>\n<h4 class=\"PDq2pG_selectionAnchorContainer\" data-start=\"405\" data-end=\"449\"><span class=\"ez-toc-section\" id=\"Spanischer_Majoran_atherisches_Ol_50_ml\"><\/span>Spanischer Majoran \u00e4therisches \u00d6l 50 ml<span class=\"ez-toc-section-end\"><\/span><\/h4>\n<p data-start=\"451\" data-end=\"699\">The <strong data-start=\"455\" data-end=\"498\">Spanischer Majoran \u00e4therisches \u00d6l 50 ml<\/strong> wird aus den Bl\u00e4ttern und bl\u00fchenden Spitzen von <em data-start=\"547\" data-end=\"566\">Thymus mastichina<\/em> gewonnen. Die aromatische Pflanze geh\u00f6rt zur Familie der Lippenbl\u00fctler und ist insbesondere auf der Iberischen Halbinsel verbreitet.<\/p>\n<p data-start=\"701\" data-end=\"840\">Diese Variante wird als <strong data-start=\"725\" data-end=\"785\">Spanischer Majoran beziehungsweise Spanish Wild Marjoram<\/strong> bezeichnet und stammt laut Hersteller aus <strong data-start=\"828\" data-end=\"839\">Spanien<\/strong>.<\/p>\n<hr data-start=\"842\" data-end=\"845\" \/>\n<h4 data-start=\"847\" data-end=\"899\"><span class=\"ez-toc-section\" id=\"Aus_Blattern_und_Blutenspitzen_dampfdestilliert\"><\/span>Aus Bl\u00e4ttern und Bl\u00fctenspitzen dampfdestilliert<span class=\"ez-toc-section-end\"><\/span><\/h4>\n<p data-start=\"901\" data-end=\"1058\">F\u00fcr die Herstellung des <strong data-start=\"925\" data-end=\"968\">Spanischer Majoran \u00e4therisches \u00d6l 50 ml<\/strong> werden die Bl\u00e4tter und bl\u00fchenden Spitzen mittels <strong data-start=\"1018\" data-end=\"1045\">Wasserdampfdestillation<\/strong> verarbeitet.<\/p>\n<p data-start=\"1060\" data-end=\"1211\">Die gesamte Pflanze besitzt ein ausgepr\u00e4gtes Aroma, das sich auch im konzentrierten \u00e4therischen \u00d6l mit seinem kr\u00e4ftigen Kr\u00e4utercharakter widerspiegelt.<\/p>\n<hr data-start=\"1213\" data-end=\"1216\" \/>\n<h4 data-start=\"1218\" data-end=\"1265\"><span class=\"ez-toc-section\" id=\"Spanischer_Majoran_ist_nicht_Suser_Majoran\"><\/span>Spanischer Majoran ist nicht S\u00fc\u00dfer Majoran<span class=\"ez-toc-section-end\"><\/span><\/h4>\n<p data-start=\"1267\" data-end=\"1476\">Bei <em data-start=\"1271\" data-end=\"1290\">Thymus mastichina<\/em> handelt es sich nicht um den klassischen <strong data-start=\"1332\" data-end=\"1371\">S\u00fc\u00dfen Majoran (<em data-start=\"1349\" data-end=\"1368\">Origanum majorana<\/em>)<\/strong>. Trotz des gebr\u00e4uchlichen Namens \u201eSpanischer Majoran\u201c geh\u00f6rt die Pflanze botanisch zur Gattung <em data-start=\"1467\" data-end=\"1475\">Thymus<\/em>.<\/p>\n<p data-start=\"1478\" data-end=\"1600\">Sie sollte au\u00dferdem nicht mit Oregano verwechselt werden, der ebenfalls gelegentlich als \u201eWilder Majoran\u201c bezeichnet wird.<\/p>\n<p data-start=\"1602\" data-end=\"1762\">Diese botanische Unterscheidung ist besonders wichtig, da sich die verschiedenen \u00e4therischen \u00d6le in ihrer Zusammensetzung und ihrem Duftcharakter unterscheiden.<\/p>\n<hr data-start=\"1764\" data-end=\"1767\" \/>\n<h4 data-start=\"1769\" data-end=\"1814\"><span class=\"ez-toc-section\" id=\"Intensiv_krautiger_und_aromatischer_Duft\"><\/span>Intensiv krautiger und aromatischer Duft<span class=\"ez-toc-section-end\"><\/span><\/h4>\n<p data-start=\"1816\" data-end=\"2023\">Spanischer Majoran besitzt ein <strong data-start=\"1847\" data-end=\"1907\">kr\u00e4ftiges, frisches, krautiges und leicht w\u00fcrziges Aroma<\/strong>. Sein charakteristischer Duft eignet sich besonders f\u00fcr mediterrane Kr\u00e4uterkompositionen und aromatische Raumd\u00fcfte.<\/p>\n<p data-start=\"2025\" data-end=\"2192\">Sehr gut l\u00e4sst sich das \u00d6l beispielsweise mit <strong data-start=\"2071\" data-end=\"2098\">Lavendel und Bergamotte<\/strong> kombinieren, die laut Hersteller besonders harmonisch mit Spanischem Majoran zusammenspielen.<\/p>\n<hr data-start=\"2194\" data-end=\"2197\" \/>\n<h4 data-start=\"2199\" data-end=\"2251\"><span class=\"ez-toc-section\" id=\"Fur_Aromatherapie_und_entspannte_Duftmischungen\"><\/span>F\u00fcr Aromatherapie und entspannte Duftmischungen<span class=\"ez-toc-section-end\"><\/span><\/h4>\n<p data-start=\"2253\" data-end=\"2381\">The <strong data-start=\"2257\" data-end=\"2300\">Spanischer Majoran \u00e4therisches \u00d6l 50 ml<\/strong> eignet sich f\u00fcr geeignete Diffuser, Duftlampen und individuelle Aromamischungen.<\/p>\n<p data-start=\"2383\" data-end=\"2611\">In der Aromatherapie wird der Duft traditionell f\u00fcr eine <strong data-start=\"2440\" data-end=\"2475\">ruhige und angenehme Atmosph\u00e4re<\/strong> verwendet. Die Kombination mit Lavendel oder Bergamotte eignet sich besonders f\u00fcr entspannte Duftkompositionen und bewusste Ruhephasen.<\/p>\n<hr data-start=\"2613\" data-end=\"2616\" \/>\n<h4 data-start=\"2618\" data-end=\"2663\"><span class=\"ez-toc-section\" id=\"Majoran_mit_langer_kultureller_Tradition\"><\/span>Majoran mit langer kultureller Tradition<span class=\"ez-toc-section-end\"><\/span><\/h4>\n<p data-start=\"2665\" data-end=\"2899\">Majoran besitzt eine lange Geschichte als aromatische Pflanze. Bereits in der griechischen und r\u00f6mischen Antike wurden Majoranpflanzen symbolisch mit <strong data-start=\"2815\" data-end=\"2840\">Liebe, Ehre und Gl\u00fcck<\/strong> verbunden und unter anderem f\u00fcr Hochzeitskr\u00e4nze verwendet.<\/p>\n<p data-start=\"2901\" data-end=\"3089\">Solche historischen und traditionellen Anwendungen beziehen sich auf die kulturelle Nutzung der Pflanze und stellen keine wissenschaftlich nachgewiesenen Wirkungen des \u00e4therischen \u00d6ls dar.<\/p>\n<hr data-start=\"3091\" data-end=\"3094\" \/>\n<h4 data-start=\"3096\" data-end=\"3115\"><span class=\"ez-toc-section\" id=\"Produktdetails\"><\/span>Produkto informacija<span class=\"ez-toc-section-end\"><\/span><\/h4>\n<ul data-start=\"3117\" data-end=\"3697\">\n<li data-section-id=\"inhmc9\" data-start=\"3117\" data-end=\"3171\"><strong data-start=\"3119\" data-end=\"3131\">Produktas:<\/strong> Spanischer Majoran \u00e4therisches \u00d6l 50 ml<\/li>\n<li data-section-id=\"4vza16\" data-start=\"3172\" data-end=\"3220\"><strong data-start=\"3174\" data-end=\"3198\">Weitere Bezeichnung:<\/strong> Spanish Wild Marjoram<\/li>\n<li data-section-id=\"11n1455\" data-start=\"3221\" data-end=\"3270\"><strong data-start=\"3223\" data-end=\"3250\">Botanische Bezeichnung:<\/strong> <em data-start=\"3251\" data-end=\"3270\">Thymus mastichina<\/em><\/li>\n<li data-section-id=\"4sgjab\" data-start=\"3271\" data-end=\"3319\"><strong data-start=\"3273\" data-end=\"3293\">Pflanzenfamilie:<\/strong> Lamiaceae \/ Lippenbl\u00fctler<\/li>\n<li data-section-id=\"qnfkbk\" data-start=\"3320\" data-end=\"3339\"><strong data-start=\"3322\" data-end=\"3333\">Turinys:<\/strong> 50 ml<\/li>\n<li data-section-id=\"2aa1tj\" data-start=\"3340\" data-end=\"3400\"><strong data-start=\"3342\" data-end=\"3371\">Verwendete Pflanzenteile:<\/strong> Bl\u00e4tter und bl\u00fchende Spitzen<\/li>\n<li data-section-id=\"1hulq01\" data-start=\"3401\" data-end=\"3424\"><strong data-start=\"3403\" data-end=\"3416\">Kilm\u0117:<\/strong> Spanien<\/li>\n<li data-section-id=\"1peynr3\" data-start=\"3425\" data-end=\"3465\"><strong data-start=\"3427\" data-end=\"3441\">Gewinnung:<\/strong> Wasserdampfdestillation<\/li>\n<li data-section-id=\"1xq5or5\" data-start=\"3466\" data-end=\"3526\"><strong data-start=\"3468\" data-end=\"3483\">Kvapo profilis:<\/strong> Kr\u00e4ftig \/ frisch \/ krautig \/ leicht w\u00fcrzig<\/li>\n<li data-section-id=\"1smsgul\" data-start=\"3527\" data-end=\"3578\"><strong data-start=\"3529\" data-end=\"3544\">Naudojimas:<\/strong> Aromatherapie und Duftanwendungen<\/li>\n<li data-section-id=\"uesb6b\" data-start=\"3579\" data-end=\"3636\"><strong data-start=\"3581\" data-end=\"3614\">Nettogewicht laut Hersteller:<\/strong> ca. 110 g pro Flasche<\/li>\n<li data-section-id=\"1wrwp1y\" data-start=\"3637\" data-end=\"3668\"><strong data-start=\"3639\" data-end=\"3658\">Versandgewicht:<\/strong> ca. 115 g<\/li>\n<li data-section-id=\"1qswon0\" data-start=\"3669\" data-end=\"3697\"><strong data-start=\"3671\" data-end=\"3683\">Barcode:<\/strong> 5055796529551<\/li>\n<\/ul>\n<hr data-start=\"3699\" data-end=\"3702\" \/>\n<h4 data-start=\"3704\" data-end=\"3728\"><span class=\"ez-toc-section\" id=\"Sicherheitshinweise\"><\/span>Saugos instrukcijos<span class=\"ez-toc-section-end\"><\/span><\/h4>\n<p data-start=\"3730\" data-end=\"3932\">\u00c4therische \u00d6le sind hochkonzentriert. <strong data-start=\"3768\" data-end=\"3832\">Nicht einnehmen und nicht unverd\u00fcnnt auf die Haut auftragen.<\/strong> Kontakt mit Augen und Schleimh\u00e4uten vermeiden und au\u00dferhalb der Reichweite von Kindern aufbewahren.<\/p>\n<p data-start=\"3934\" data-end=\"4094\">F\u00fcr Massage- oder andere Hautanwendungen ausreichend mit einem geeigneten Basis\u00f6l verd\u00fcnnen und vor der ersten Anwendung einen Vertr\u00e4glichkeitstest durchf\u00fchren.<\/p>\n<p data-start=\"4096\" data-end=\"4244\" data-is-last-node=\"\" data-is-only-node=\"\">Bei Schwangerschaft, Stillzeit, bestehenden gesundheitlichen Beschwerden oder Einnahme von Medikamenten vor der Anwendung fachkundigen Rat einholen.<\/p>","protected":false},"excerpt":{"rendered":"<p><em>Spanischer Majoran \u00e4therisches \u00d6l 50 ml aus Spanien, aus Bl\u00e4ttern und Bl\u00fctenspitzen dampfdestilliert. Intensiv krautiger Duft f\u00fcr Aromatherapie.<\/em><\/p>","protected":false},"featured_media":62175,"comment_status":"open","ping_status":"closed","template":"","meta":{"_glsr_average":0,"_glsr_ranking":0,"_glsr_reviews":0},"product_brand":[],"product_cat":[1651],"product_tag":[],"class_list":["post-62187","product","type-product","status-publish","has-post-thumbnail","product_cat-aetherische-oele","first","instock","shipping-taxable","purchasable","product-type-simple","add-to-wishlist-before_image"],"jetpack_sharing_enabled":true,"_links":{"self":[{"href":"https:\/\/honigbee.com\/lt\/wp-json\/wp\/v2\/product\/62187","targetHints":{"allow":["GET"]}}],"collection":[{"href":"https:\/\/honigbee.com\/lt\/wp-json\/wp\/v2\/product"}],"about":[{"href":"https:\/\/honigbee.com\/lt\/wp-json\/wp\/v2\/types\/product"}],"replies":[{"embeddable":true,"href":"https:\/\/honigbee.com\/lt\/wp-json\/wp\/v2\/comments?post=62187"}],"version-history":[{"count":2,"href":"https:\/\/honigbee.com\/lt\/wp-json\/wp\/v2\/product\/62187\/revisions"}],"predecessor-version":[{"id":63671,"href":"https:\/\/honigbee.com\/lt\/wp-json\/wp\/v2\/product\/62187\/revisions\/63671"}],"wp:featuredmedia":[{"embeddable":true,"href":"https:\/\/honigbee.com\/lt\/wp-json\/wp\/v2\/media\/62175"}],"wp:attachment":[{"href":"https:\/\/honigbee.com\/lt\/wp-json\/wp\/v2\/media?parent=62187"}],"wp:term":[{"taxonomy":"product_brand","embeddable":true,"href":"https:\/\/honigbee.com\/lt\/wp-json\/wp\/v2\/product_brand?post=62187"},{"taxonomy":"product_cat","embeddable":true,"href":"https:\/\/honigbee.com\/lt\/wp-json\/wp\/v2\/product_cat?post=62187"},{"taxonomy":"product_tag","embeddable":true,"href":"https:\/\/honigbee.com\/lt\/wp-json\/wp\/v2\/product_tag?post=62187"}],"curies":[{"name":"wp","href":"https:\/\/api.w.org\/{rel}","templated":true}]}}