{"id":61945,"date":"2026-08-14T09:45:46","date_gmt":"2026-08-14T09:45:46","guid":{"rendered":"https:\/\/honigbee.com\/produkt\/blackpepper-50ml-essential-oil\/"},"modified":"2026-09-01T15:36:46","modified_gmt":"2026-09-01T15:36:46","slug":"schwarzer-pfeffer-aetherisches-oel-50-ml","status":"publish","type":"product","link":"https:\/\/honigbee.com\/ro\/produs\/schwarzer-pfeffer-aetherisches-oel-50-ml\/","title":{"rendered":"Schwarzer Pfeffer \u00e4therisches \u00d6l 50 ml aus Indien f\u00fcr Aromatherapie und Duftanwendungen"},"content":{"rendered":"<div id=\"ez-toc-container\" class=\"ez-toc-v2_0_87 counter-hierarchy ez-toc-counter ez-toc-grey ez-toc-container-direction\">\n<div class=\"ez-toc-title-container\">\n<p class=\"ez-toc-title\" style=\"cursor:inherit\">Table of Contents<\/p>\n<span class=\"ez-toc-title-toggle\"><a href=\"#\" class=\"ez-toc-pull-right ez-toc-btn ez-toc-btn-xs ez-toc-btn-default ez-toc-toggle\" aria-label=\"Toggle Table of Content\"><span class=\"ez-toc-js-icon-con\"><span class=\"\"><span class=\"eztoc-hide\" style=\"display:none;\">Toggle<\/span><span class=\"ez-toc-icon-toggle-span\"><svg style=\"fill: #999;color:#999\" xmlns=\"http:\/\/www.w3.org\/2000\/svg\" class=\"list-377408\" width=\"20px\" height=\"20px\" viewBox=\"0 0 24 24\" fill=\"none\"><path d=\"M6 6H4v2h2V6zm14 0H8v2h12V6zM4 11h2v2H4v-2zm16 0H8v2h12v-2zM4 16h2v2H4v-2zm16 0H8v2h12v-2z\" fill=\"currentColor\"><\/path><\/svg><svg style=\"fill: #999;color:#999\" class=\"arrow-unsorted-368013\" xmlns=\"http:\/\/www.w3.org\/2000\/svg\" width=\"10px\" height=\"10px\" viewBox=\"0 0 24 24\" version=\"1.2\" baseProfile=\"tiny\"><path d=\"M18.2 9.3l-6.2-6.3-6.2 6.3c-.2.2-.3.4-.3.7s.1.5.3.7c.2.2.4.3.7.3h11c.3 0 .5-.1.7-.3.2-.2.3-.5.3-.7s-.1-.5-.3-.7zM5.8 14.7l6.2 6.3 6.2-6.3c.2-.2.3-.5.3-.7s-.1-.5-.3-.7c-.2-.2-.4-.3-.7-.3h-11c-.3 0-.5.1-.7.3-.2.2-.3.5-.3.7s.1.5.3.7z\"\/><\/svg><\/span><\/span><\/span><\/a><\/span><\/div>\n<nav><ul class='ez-toc-list ez-toc-list-level-1 ' ><li class='ez-toc-page-1 ez-toc-heading-level-4'><a class=\"ez-toc-link ez-toc-heading-1\" href=\"https:\/\/honigbee.com\/ro\/produs\/schwarzer-pfeffer-aetherisches-oel-50-ml\/#Schwarzer_Pfeffer_atherisches_Ol_50_ml\" >Schwarzer Pfeffer \u00e4therisches \u00d6l 50 ml<\/a><\/li><li class='ez-toc-page-1 ez-toc-heading-level-4'><a class=\"ez-toc-link ez-toc-heading-2\" href=\"https:\/\/honigbee.com\/ro\/produs\/schwarzer-pfeffer-aetherisches-oel-50-ml\/#Aus_Pfefferkornern_dampfdestilliert\" >Aus Pfefferk\u00f6rnern dampfdestilliert<\/a><\/li><li class='ez-toc-page-1 ez-toc-heading-level-4'><a class=\"ez-toc-link ez-toc-heading-3\" href=\"https:\/\/honigbee.com\/ro\/produs\/schwarzer-pfeffer-aetherisches-oel-50-ml\/#Warm_wurzig_und_leicht_holzig\" >Warm, w\u00fcrzig und leicht holzig<\/a><\/li><li class='ez-toc-page-1 ez-toc-heading-level-4'><a class=\"ez-toc-link ez-toc-heading-4\" href=\"https:\/\/honigbee.com\/ro\/produs\/schwarzer-pfeffer-aetherisches-oel-50-ml\/#Naturlich_reich_an_Terpenen\" >Nat\u00fcrlich reich an Terpenen<\/a><\/li><li class='ez-toc-page-1 ez-toc-heading-level-4'><a class=\"ez-toc-link ez-toc-heading-5\" href=\"https:\/\/honigbee.com\/ro\/produs\/schwarzer-pfeffer-aetherisches-oel-50-ml\/#Fur_Aromatherapie_und_warme_Duftmischungen\" >F\u00fcr Aromatherapie und warme Duftmischungen<\/a><\/li><li class='ez-toc-page-1 ez-toc-heading-level-4'><a class=\"ez-toc-link ez-toc-heading-6\" href=\"https:\/\/honigbee.com\/ro\/produs\/schwarzer-pfeffer-aetherisches-oel-50-ml\/#Produktdetails\" >Produktdetails<\/a><\/li><li class='ez-toc-page-1 ez-toc-heading-level-4'><a class=\"ez-toc-link ez-toc-heading-7\" href=\"https:\/\/honigbee.com\/ro\/produs\/schwarzer-pfeffer-aetherisches-oel-50-ml\/#Sicherheitshinweise\" >Sicherheitshinweise<\/a><\/li><\/ul><\/nav><\/div>\n<div class=\"qMYqUG_convSearchResultHighlightRoot\">\n<div class=\"\" data-turn-id-container=\"request-6a52093d-ba64-83ea-a38e-983d37168d35-1\" data-is-intersecting=\"true\">\n<section class=\"text-token-text-primary w-full focus:outline-none has-data-writing-block:pointer-events-none [&amp;:has([data-writing-block])&gt;*]:pointer-events-auto R6Vx5W_threadScrollVars scroll-mb-[calc(var(--scroll-root-safe-area-inset-bottom,0px)+var(--thread-response-height))] scroll-mt-[calc(var(--header-height)+min(200px,max(70px,20svh)))]\" dir=\"auto\" data-turn-id=\"request-6a52093d-ba64-83ea-a38e-983d37168d35-1\" data-turn-id-container=\"request-6a52093d-ba64-83ea-a38e-983d37168d35-1\" data-testid=\"conversation-turn-14\" data-turn=\"assistant\">\n<div class=\"text-base my-auto mx-auto pb-8 [--thread-content-margin:var(--thread-content-margin-xs,calc(var(--spacing)*4))] @w-sm\/main:[--thread-content-margin:var(--thread-content-margin-sm,calc(var(--spacing)*6))] @w-lg\/main:[--thread-content-margin:var(--thread-content-margin-lg,calc(var(--spacing)*16))] px-(--thread-content-margin)\">\n<div class=\"[--thread-content-max-width:40rem] @w-lg\/main:[--thread-content-max-width:48rem] mx-auto max-w-(--thread-content-max-width) flex-1 group\/turn-messages focus-visible:outline-hidden relative flex w-full min-w-0 flex-col agent-turn\" data-conversation-screenshot-content=\"\">\n<div class=\"flex max-w-full flex-col gap-4 grow\">\n<div class=\"min-h-8 text-message relative flex w-full flex-col items-end gap-2 text-start break-words whitespace-normal outline-none keyboard-focused:focus-ring [.text-message+&amp;]:mt-1\" dir=\"auto\" tabindex=\"0\" data-message-author-role=\"assistant\" data-message-id=\"f9219958-d824-40db-8b78-19d7fc9f2a51\" data-message-model-slug=\"gpt-5-6\" data-turn-start-message=\"true\">\n<div class=\"flex w-full flex-col gap-1 empty:hidden\">\n<div class=\"fbskMG_root markdown prose dark:prose-invert wrap-break-word w-full dark markdown-new-styling\">\n<h4 class=\"PDq2pG_selectionAnchorContainer\" data-start=\"408\" data-end=\"451\"><span class=\"ez-toc-section\" id=\"Schwarzer_Pfeffer_atherisches_Ol_50_ml\"><\/span>Schwarzer Pfeffer \u00e4therisches \u00d6l 50 ml<span class=\"ez-toc-section-end\"><\/span><\/h4>\n<p data-start=\"453\" data-end=\"723\">Das <strong data-start=\"457\" data-end=\"499\">Schwarzer Pfeffer \u00e4therisches \u00d6l 50 ml<\/strong> wird aus den Pfefferk\u00f6rnern von <em data-start=\"532\" data-end=\"546\">Piper nigrum<\/em> gewonnen. Schwarzer Pfeffer ist vor allem als Gew\u00fcrz bekannt, besitzt als \u00e4therisches \u00d6l jedoch ein besonders interessantes <strong data-start=\"671\" data-end=\"722\">warmes, w\u00fcrziges und leicht holziges Duftprofil<\/strong>.<\/p>\n<p data-start=\"725\" data-end=\"819\">Die f\u00fcr dieses \u00e4therische \u00d6l verwendeten Pfefferk\u00f6rner stammen laut Hersteller aus <strong data-start=\"808\" data-end=\"818\">Indien<\/strong>.<\/p>\n<hr data-start=\"821\" data-end=\"824\" \/>\n<h4 data-start=\"826\" data-end=\"866\"><span class=\"ez-toc-section\" id=\"Aus_Pfefferkornern_dampfdestilliert\"><\/span>Aus Pfefferk\u00f6rnern dampfdestilliert<span class=\"ez-toc-section-end\"><\/span><\/h4>\n<p data-start=\"868\" data-end=\"1008\">F\u00fcr die Herstellung des <strong data-start=\"892\" data-end=\"934\">Schwarzer Pfeffer \u00e4therisches \u00d6l 50 ml<\/strong> werden die Pfefferk\u00f6rner mittels <strong data-start=\"968\" data-end=\"995\">Wasserdampfdestillation<\/strong> verarbeitet.<\/p>\n<p data-start=\"1010\" data-end=\"1243\">Dabei werden die fl\u00fcchtigen aromatischen Bestandteile des Pfeffers gewonnen. Im Gegensatz zum gemahlenen K\u00fcchengew\u00fcrz steht beim \u00e4therischen \u00d6l nicht die Sch\u00e4rfe, sondern sein komplexer <strong data-start=\"1196\" data-end=\"1227\">w\u00fcrzig-warmer Duftcharakter<\/strong> im Vordergrund.<\/p>\n<hr data-start=\"1245\" data-end=\"1248\" \/>\n<h4 data-start=\"1250\" data-end=\"1285\"><span class=\"ez-toc-section\" id=\"Warm_wurzig_und_leicht_holzig\"><\/span>Warm, w\u00fcrzig und leicht holzig<span class=\"ez-toc-section-end\"><\/span><\/h4>\n<p data-start=\"1287\" data-end=\"1461\">Schwarzes Pfeffer\u00f6l besitzt ein <strong data-start=\"1319\" data-end=\"1385\">intensiv w\u00fcrziges, warmes, trockenes und leicht holziges Aroma<\/strong>. Dadurch eignet es sich besonders f\u00fcr kr\u00e4ftige und warme Duftkompositionen.<\/p>\n<p data-start=\"1463\" data-end=\"1603\">Es l\u00e4sst sich beispielsweise mit <strong data-start=\"1496\" data-end=\"1590\">Orange, Bergamotte, Zitrone, Lavendel, Weihrauch sowie verschiedenen Holz- und Gew\u00fcrznoten<\/strong> kombinieren.<\/p>\n<hr data-start=\"1605\" data-end=\"1608\" \/>\n<h4 data-start=\"1610\" data-end=\"1642\"><span class=\"ez-toc-section\" id=\"Naturlich_reich_an_Terpenen\"><\/span>Nat\u00fcrlich reich an Terpenen<span class=\"ez-toc-section-end\"><\/span><\/h4>\n<p data-start=\"1644\" data-end=\"1805\">\u00c4therisches \u00d6l aus schwarzem Pfeffer enth\u00e4lt von Natur aus verschiedene <strong data-start=\"1716\" data-end=\"1743\">Mono- und Sesquiterpene<\/strong>, die wesentlich zu seinem charakteristischen Aroma beitragen.<\/p>\n<p data-start=\"1807\" data-end=\"2003\">Bei \u00e4u\u00dferlicher Anwendung in geeigneter Verd\u00fcnnung kann Pfeffer\u00f6l zudem ein <strong data-start=\"1883\" data-end=\"1917\">subjektiv w\u00e4rmendes Hautgef\u00fchl<\/strong> erzeugen. Deshalb wird es gerne als Duftkomponente in Massage\u00f6lmischungen eingesetzt.<\/p>\n<hr data-start=\"2005\" data-end=\"2008\" \/>\n<h4 data-start=\"2010\" data-end=\"2057\"><span class=\"ez-toc-section\" id=\"Fur_Aromatherapie_und_warme_Duftmischungen\"><\/span>F\u00fcr Aromatherapie und warme Duftmischungen<span class=\"ez-toc-section-end\"><\/span><\/h4>\n<p data-start=\"2059\" data-end=\"2189\">Das <strong data-start=\"2063\" data-end=\"2105\">Schwarzer Pfeffer \u00e4therisches \u00d6l 50 ml<\/strong> eignet sich f\u00fcr geeignete Diffuser, Duftlampen und individuelle Aromakompositionen.<\/p>\n<p data-start=\"2191\" data-end=\"2406\">Sein warmer und w\u00fcrziger Charakter kann einer Duftmischung mehr Tiefe verleihen. In der Aromatherapie wird der Pfefferduft traditionell mit einer <strong data-start=\"2337\" data-end=\"2395\">belebenden, w\u00e4rmenden und zugleich erdenden Atmosph\u00e4re<\/strong> verbunden.<\/p>\n<hr data-start=\"2408\" data-end=\"2411\" \/>\n<h4 data-start=\"2413\" data-end=\"2432\"><span class=\"ez-toc-section\" id=\"Produktdetails\"><\/span>Produktdetails<span class=\"ez-toc-section-end\"><\/span><\/h4>\n<ul data-start=\"2434\" data-end=\"2986\">\n<li data-section-id=\"1h4ue2a\" data-start=\"2434\" data-end=\"2487\"><strong data-start=\"2436\" data-end=\"2448\">Produkt:<\/strong> Schwarzer Pfeffer \u00e4therisches \u00d6l 50 ml<\/li>\n<li data-section-id=\"4xbht9\" data-start=\"2488\" data-end=\"2520\"><strong data-start=\"2490\" data-end=\"2502\">Pflanze:<\/strong> Schwarzer Pfeffer<\/li>\n<li data-section-id=\"1m4kuoc\" data-start=\"2521\" data-end=\"2565\"><strong data-start=\"2523\" data-end=\"2550\">Botanische Bezeichnung:<\/strong> <em data-start=\"2551\" data-end=\"2565\">Piper nigrum<\/em><\/li>\n<li data-section-id=\"qnfkbk\" data-start=\"2566\" data-end=\"2585\"><strong data-start=\"2568\" data-end=\"2579\">Inhalt:<\/strong> 50 ml<\/li>\n<li data-section-id=\"8mj89b\" data-start=\"2586\" data-end=\"2631\"><strong data-start=\"2588\" data-end=\"2617\">Verwendeter Pflanzenteil:<\/strong> Pfefferk\u00f6rner<\/li>\n<li data-section-id=\"1cav5hq\" data-start=\"2632\" data-end=\"2654\"><strong data-start=\"2634\" data-end=\"2647\">Herkunft:<\/strong> Indien<\/li>\n<li data-section-id=\"1peynr3\" data-start=\"2655\" data-end=\"2695\"><strong data-start=\"2657\" data-end=\"2671\">Gewinnung:<\/strong> Wasserdampfdestillation<\/li>\n<li data-section-id=\"fydxdq\" data-start=\"2696\" data-end=\"2753\"><strong data-start=\"2698\" data-end=\"2713\">Duftprofil:<\/strong> Warm \/ w\u00fcrzig \/ trocken \/ leicht holzig<\/li>\n<li data-section-id=\"mrw27b\" data-start=\"2754\" data-end=\"2815\"><strong data-start=\"2756\" data-end=\"2791\">Charakteristische Bestandteile:<\/strong> Mono- und Sesquiterpene<\/li>\n<li data-section-id=\"1smsgul\" data-start=\"2816\" data-end=\"2867\"><strong data-start=\"2818\" data-end=\"2833\">Verwendung:<\/strong> Aromatherapie und Duftanwendungen<\/li>\n<li data-section-id=\"uesb6b\" data-start=\"2868\" data-end=\"2925\"><strong data-start=\"2870\" data-end=\"2903\">Nettogewicht laut Hersteller:<\/strong> ca. 110 g pro Flasche<\/li>\n<li data-section-id=\"1wrwp1y\" data-start=\"2926\" data-end=\"2957\"><strong data-start=\"2928\" data-end=\"2947\">Versandgewicht:<\/strong> ca. 115 g<\/li>\n<li data-section-id=\"1qswtdi\" data-start=\"2958\" data-end=\"2986\"><strong data-start=\"2960\" data-end=\"2972\">Barcode:<\/strong> 5055796529391<\/li>\n<\/ul>\n<hr data-start=\"2988\" data-end=\"2991\" \/>\n<h4 data-start=\"2993\" data-end=\"3017\"><span class=\"ez-toc-section\" id=\"Sicherheitshinweise\"><\/span>Sicherheitshinweise<span class=\"ez-toc-section-end\"><\/span><\/h4>\n<p data-start=\"3019\" data-end=\"3221\">\u00c4therische \u00d6le sind hochkonzentriert. <strong data-start=\"3057\" data-end=\"3121\">Nicht einnehmen und nicht unverd\u00fcnnt auf die Haut auftragen.<\/strong> Kontakt mit Augen und Schleimh\u00e4uten vermeiden und au\u00dferhalb der Reichweite von Kindern aufbewahren.<\/p>\n<p data-start=\"3223\" data-end=\"3445\">F\u00fcr Massage- und andere Hautanwendungen ausreichend mit einem geeigneten Basis\u00f6l verd\u00fcnnen und vor der ersten Anwendung einen Vertr\u00e4glichkeitstest durchf\u00fchren. Das \u00d6l kann auf der Haut ein <strong data-start=\"3412\" data-end=\"3432\">w\u00e4rmendes Gef\u00fchl<\/strong> hervorrufen.<\/p>\n<p data-start=\"3447\" data-end=\"3595\" data-is-last-node=\"\" data-is-only-node=\"\">Bei Schwangerschaft, Stillzeit, bestehenden gesundheitlichen Beschwerden oder Einnahme von Medikamenten vor der Anwendung fachkundigen Rat einholen.<\/p>\n<\/div>\n<\/div>\n<\/div>\n<\/div>\n<\/div>\n<\/div>\n<\/section>\n<\/div>\n<\/div>\n","protected":false},"excerpt":{"rendered":"<p class=\"PDq2pG_selectionAnchorContainer\" data-start=\"246\" data-end=\"401\"><em>Schwarzer Pfeffer \u00e4therisches \u00d6l 50 ml aus Indien, aus Pfefferk\u00f6rnern dampfdestilliert. Warm-w\u00fcrziger Pfefferduft f\u00fcr Aromatherapie und Duftmischungen.<\/em><\/p>","protected":false},"featured_media":61931,"comment_status":"open","ping_status":"closed","template":"","meta":{"_glsr_average":0,"_glsr_ranking":0,"_glsr_reviews":0},"product_brand":[],"product_cat":[1651],"product_tag":[],"class_list":["post-61945","product","type-product","status-publish","has-post-thumbnail","product_cat-aetherische-oele","first","instock","shipping-taxable","purchasable","product-type-simple","add-to-wishlist-before_image"],"jetpack_sharing_enabled":true,"_links":{"self":[{"href":"https:\/\/honigbee.com\/ro\/wp-json\/wp\/v2\/product\/61945","targetHints":{"allow":["GET"]}}],"collection":[{"href":"https:\/\/honigbee.com\/ro\/wp-json\/wp\/v2\/product"}],"about":[{"href":"https:\/\/honigbee.com\/ro\/wp-json\/wp\/v2\/types\/product"}],"replies":[{"embeddable":true,"href":"https:\/\/honigbee.com\/ro\/wp-json\/wp\/v2\/comments?post=61945"}],"version-history":[{"count":2,"href":"https:\/\/honigbee.com\/ro\/wp-json\/wp\/v2\/product\/61945\/revisions"}],"predecessor-version":[{"id":63666,"href":"https:\/\/honigbee.com\/ro\/wp-json\/wp\/v2\/product\/61945\/revisions\/63666"}],"wp:featuredmedia":[{"embeddable":true,"href":"https:\/\/honigbee.com\/ro\/wp-json\/wp\/v2\/media\/61931"}],"wp:attachment":[{"href":"https:\/\/honigbee.com\/ro\/wp-json\/wp\/v2\/media?parent=61945"}],"wp:term":[{"taxonomy":"product_brand","embeddable":true,"href":"https:\/\/honigbee.com\/ro\/wp-json\/wp\/v2\/product_brand?post=61945"},{"taxonomy":"product_cat","embeddable":true,"href":"https:\/\/honigbee.com\/ro\/wp-json\/wp\/v2\/product_cat?post=61945"},{"taxonomy":"product_tag","embeddable":true,"href":"https:\/\/honigbee.com\/ro\/wp-json\/wp\/v2\/product_tag?post=61945"}],"curies":[{"name":"wp","href":"https:\/\/api.w.org\/{rel}","templated":true}]}}